{"id":857,"date":"2021-12-09T14:46:44","date_gmt":"2021-12-09T17:46:44","guid":{"rendered":"https:\/\/ens1-caba.infd.edu.ar\/sitio\/?page_id=857"},"modified":"2025-12-16T22:04:59","modified_gmt":"2025-12-17T01:04:59","slug":"campo-de-las-practicas-profesionales-pep","status":"publish","type":"page","link":"https:\/\/ens1-caba.infd.edu.ar\/sitio\/campo-de-las-practicas-profesionales-pep\/","title":{"rendered":"Campo de Formaci\u00f3n en la Pr\u00e1ctica Profesional &#8211; PEP"},"content":{"rendered":"\n<p><\/p>\n\n\n\n<p><strong>CAMPO DE FORMACI\u00d3N EN LA PR\u00c1CTICA PROFESIONAL- PEP<\/strong><\/p>\n\n\n\n<p class=\"has-contrast-color has-text-color\">Coordinadoras: Andrea Brito y Mar\u00eda De Crist\u00f3foris<\/p>\n\n\n\n<p class=\"has-contrast-color has-text-color\">Mail: coordinacioncfpp.pri@ens1caba.edu.ar<\/p>\n\n\n\n<p class=\"has-text-align-center has-text-color has-large-font-size\" style=\"color:#7a2fc4\"><strong>1\u00ba CUATRIMESTRE 2026<\/strong><\/p>\n\n\n\n<figure class=\"wp-block-table is-style-regular\"><table><tbody><tr><td>Toda la informaci\u00f3n se encuentra dentro del aula de noticias del profesorado.<\/td><\/tr><\/tbody><\/table><\/figure>\n\n\n\n<p>Presentaci\u00f3n del Campo de las Pr\u00e1cticas Profesionales PEP Click <a rel=\"noreferrer noopener\" href=\"https:\/\/docs.google.com\/presentation\/d\/1d7GCLuA0QF_8Cn19Yh9Dgq1P3aSG_EWkL_wPM9mRx88\/edit?usp=sharing\" target=\"_blank\">aqu\u00ed<\/a><\/p>\n\n\n\n<figure class=\"wp-block-embed is-type-wp-embed is-provider-genially wp-block-embed-genially\"><div class=\"wp-block-embed__wrapper\">\n<iframe class=\"wp-embedded-content\" sandbox=\"allow-scripts\" security=\"restricted\" title=\"PRESENTACI\u00d3N B\u00c1SICA\" frameborder='0' width='1200' height='675' src='https:\/\/view.genially.com\/6494c69068985f0012a00330#?secret=Zkxo4uKtVJ' data-secret='Zkxo4uKtVJ' scrolling='yes'><\/iframe>\n<\/div><\/figure>\n","protected":false},"excerpt":{"rendered":"<p>CAMPO DE FORMACI\u00d3N EN LA PR\u00c1CTICA PROFESIONAL- PEP Coordinadoras: Andrea Brito y Mar\u00eda De Crist\u00f3foris Mail: coordinacioncfpp.pri@ens1caba.edu.ar 1\u00ba CUATRIMESTRE 2026 Toda la informaci\u00f3n se encuentra dentro del aula de noticias del profesorado. Presentaci\u00f3n del Campo de las Pr\u00e1cticas Profesionales PEP Click aqu\u00ed<\/p>\n","protected":false},"author":3738,"featured_media":0,"parent":0,"menu_order":0,"comment_status":"closed","ping_status":"closed","template":"","meta":[],"acf":[],"_links":{"self":[{"href":"https:\/\/ens1-caba.infd.edu.ar\/sitio\/wp-json\/wp\/v2\/pages\/857"}],"collection":[{"href":"https:\/\/ens1-caba.infd.edu.ar\/sitio\/wp-json\/wp\/v2\/pages"}],"about":[{"href":"https:\/\/ens1-caba.infd.edu.ar\/sitio\/wp-json\/wp\/v2\/types\/page"}],"author":[{"embeddable":true,"href":"https:\/\/ens1-caba.infd.edu.ar\/sitio\/wp-json\/wp\/v2\/users\/3738"}],"replies":[{"embeddable":true,"href":"https:\/\/ens1-caba.infd.edu.ar\/sitio\/wp-json\/wp\/v2\/comments?post=857"}],"version-history":[{"count":24,"href":"https:\/\/ens1-caba.infd.edu.ar\/sitio\/wp-json\/wp\/v2\/pages\/857\/revisions"}],"predecessor-version":[{"id":1561,"href":"https:\/\/ens1-caba.infd.edu.ar\/sitio\/wp-json\/wp\/v2\/pages\/857\/revisions\/1561"}],"wp:attachment":[{"href":"https:\/\/ens1-caba.infd.edu.ar\/sitio\/wp-json\/wp\/v2\/media?parent=857"}],"curies":[{"name":"wp","href":"https:\/\/api.w.org\/{rel}","templated":true}]}}