{"id":897,"date":"2021-12-23T14:56:54","date_gmt":"2021-12-23T17:56:54","guid":{"rendered":"https:\/\/ens1-caba.infd.edu.ar\/sitio\/?page_id=897"},"modified":"2023-04-20T20:27:21","modified_gmt":"2023-04-20T23:27:21","slug":"proyectos-del-nivel-terciario","status":"publish","type":"page","link":"https:\/\/ens1-caba.infd.edu.ar\/sitio\/proyectos-del-nivel-terciario\/","title":{"rendered":"Proyectos del Nivel Terciario"},"content":{"rendered":"\n<p><\/p>\n\n\n\n<p class=\"has-text-align-center has-white-color has-vivid-cyan-blue-background-color has-text-color has-background\" style=\"font-size:27px\"><strong>Semana de la Memoria en el Normal 1 2023<\/strong><\/p>\n\n\n\n<figure class=\"wp-block-image size-large\"><a href=\"https:\/\/ens1-caba.infd.edu.ar\/sitio\/wp-content\/uploads\/2023\/04\/Semana-de-la-Memoria-en-la-ENS-1-2023_compressed.pdf\" target=\"_blank\" rel=\"noreferrer noopener\"><img decoding=\"async\" loading=\"lazy\" width=\"1900\" height=\"1069\" src=\"https:\/\/ens1-caba.infd.edu.ar\/sitio\/wp-content\/uploads\/2023\/04\/Semana-de-la-Memoria-en-la-ENS-1-2023-1900x1069.jpg\" alt=\"\" class=\"wp-image-1228\" srcset=\"https:\/\/ens1-caba.infd.edu.ar\/sitio\/wp-content\/uploads\/2023\/04\/Semana-de-la-Memoria-en-la-ENS-1-2023-1900x1069.jpg 1900w, https:\/\/ens1-caba.infd.edu.ar\/sitio\/wp-content\/uploads\/2023\/04\/Semana-de-la-Memoria-en-la-ENS-1-2023-1000x563.jpg 1000w, https:\/\/ens1-caba.infd.edu.ar\/sitio\/wp-content\/uploads\/2023\/04\/Semana-de-la-Memoria-en-la-ENS-1-2023-768x432.jpg 768w, https:\/\/ens1-caba.infd.edu.ar\/sitio\/wp-content\/uploads\/2023\/04\/Semana-de-la-Memoria-en-la-ENS-1-2023-1536x864.jpg 1536w, https:\/\/ens1-caba.infd.edu.ar\/sitio\/wp-content\/uploads\/2023\/04\/Semana-de-la-Memoria-en-la-ENS-1-2023.jpg 1920w\" sizes=\"(max-width: 1900px) 100vw, 1900px\" \/><\/a><figcaption class=\"wp-element-caption\"><a href=\"https:\/\/ens1-caba.infd.edu.ar\/sitio\/wp-content\/uploads\/2023\/04\/Semana-de-la-Memoria-en-la-ENS-1-2023_compressed.pdf\" target=\"_blank\" rel=\"noreferrer noopener\">https:\/\/ens1-caba.infd.edu.ar\/sitio\/wp-content\/uploads\/2023\/04\/Semana-de-la-Memoria-en-la-ENS-1-2023_compressed.pdf<\/a><\/figcaption><\/figure>\n\n\n\n<p class=\"has-text-align-center has-white-color has-vivid-cyan-blue-background-color has-text-color has-background\" style=\"font-size:27px\"><strong>Jornadas D\u00e9bora Kozak<\/strong><\/p>\n\n\n\n<figure class=\"wp-block-image size-large is-resized\"><img decoding=\"async\" loading=\"lazy\" src=\"https:\/\/ens1-caba.infd.edu.ar\/sitio\/wp-content\/uploads\/2022\/11\/Programa-Jornadas-Kozak-11-22-1.jpg\" alt=\"\" class=\"wp-image-1166\" width=\"902\" height=\"1206\"\/><\/figure>\n\n\n\n<p><strong>Para ver el video de las Jornadas D\u00e9bora Kozak, hacer <a rel=\"noreferrer noopener\" href=\"https:\/\/drive.google.com\/file\/d\/1tCnlW1ubD6u56po7TyE0dKQZ4_OERLU9\/view?usp=share_link\" data-type=\"URL\" data-id=\"https:\/\/drive.google.com\/file\/d\/1tCnlW1ubD6u56po7TyE0dKQZ4_OERLU9\/view?usp=share_link\" target=\"_blank\">click aqu\u00ed<\/a><\/strong><\/p>\n\n\n\n<p><\/p>\n\n\n\n<p class=\"has-text-align-center has-white-color has-vivid-cyan-blue-background-color has-text-color has-background\" style=\"font-size:27px\"><strong>Sitio Freire Hoy&#8230; a cien a\u00f1os.<\/strong><\/p>\n\n\n<div class=\"wp-block-image\">\n<figure class=\"aligncenter size-large is-resized\"><a href=\"https:\/\/sites.google.com\/view\/freire100ens1\/inicio?authuser=5\" target=\"_blank\" rel=\"noopener\"><img decoding=\"async\" loading=\"lazy\" src=\"https:\/\/ens1-caba.infd.edu.ar\/sitio\/wp-content\/uploads\/2021\/12\/Sitio-Freire.jpg\" alt=\"\" class=\"wp-image-891\" width=\"602\" height=\"277\" srcset=\"https:\/\/ens1-caba.infd.edu.ar\/sitio\/wp-content\/uploads\/2021\/12\/Sitio-Freire.jpg 1897w, https:\/\/ens1-caba.infd.edu.ar\/sitio\/wp-content\/uploads\/2021\/12\/Sitio-Freire-1000x461.jpg 1000w, https:\/\/ens1-caba.infd.edu.ar\/sitio\/wp-content\/uploads\/2021\/12\/Sitio-Freire-768x354.jpg 768w, https:\/\/ens1-caba.infd.edu.ar\/sitio\/wp-content\/uploads\/2021\/12\/Sitio-Freire-1536x708.jpg 1536w\" sizes=\"(max-width: 602px) 100vw, 602px\" \/><\/a><figcaption class=\"wp-element-caption\"><a rel=\"noreferrer noopener\" href=\"https:\/\/sites.google.com\/view\/freire100ens1\/inicio?authuser=5\" data-type=\"URL\" data-id=\"https:\/\/sites.google.com\/view\/freire100ens1\/inicio?authuser=5\" target=\"_blank\">https:\/\/sites.google.com\/view\/freire100ens1\/inicio?authuser=5<\/a><\/figcaption><\/figure><\/div>\n\n\n<p class=\"has-text-align-center has-white-color has-vivid-cyan-blue-background-color has-text-color has-background\" style=\"font-size:27px\"><strong>Blog Memoria en el Normal 1<\/strong><\/p>\n\n\n<div class=\"wp-block-image\">\n<figure class=\"aligncenter is-resized\"><img decoding=\"async\" loading=\"lazy\" src=\"https:\/\/ens1-caba.infd.edu.ar\/sitio\/wp-content\/uploads\/2021\/12\/Blog-Memoria.png\" alt=\"La imagen tiene un atributo ALT vac\u00edo; su nombre de archivo es Blog-Memoria.png\" width=\"600\" height=\"260\"\/><figcaption class=\"wp-element-caption\"><a rel=\"noreferrer noopener\" href=\"https:\/\/memoriaenelnormal1.wordpress.com\/\" target=\"_blank\">https:\/\/memoriaenelnormal1.wordpress.com\/<\/a><\/figcaption><\/figure><\/div>\n\n\n<p><\/p>\n","protected":false},"excerpt":{"rendered":"<p>Semana de la Memoria en el Normal 1 2023 Jornadas D\u00e9bora Kozak Para ver el video de las Jornadas D\u00e9bora Kozak, hacer click aqu\u00ed Sitio Freire Hoy&#8230; a cien a\u00f1os. Blog Memoria en el Normal 1<\/p>\n","protected":false},"author":3738,"featured_media":0,"parent":0,"menu_order":0,"comment_status":"closed","ping_status":"closed","template":"","meta":[],"acf":[],"_links":{"self":[{"href":"https:\/\/ens1-caba.infd.edu.ar\/sitio\/wp-json\/wp\/v2\/pages\/897"}],"collection":[{"href":"https:\/\/ens1-caba.infd.edu.ar\/sitio\/wp-json\/wp\/v2\/pages"}],"about":[{"href":"https:\/\/ens1-caba.infd.edu.ar\/sitio\/wp-json\/wp\/v2\/types\/page"}],"author":[{"embeddable":true,"href":"https:\/\/ens1-caba.infd.edu.ar\/sitio\/wp-json\/wp\/v2\/users\/3738"}],"replies":[{"embeddable":true,"href":"https:\/\/ens1-caba.infd.edu.ar\/sitio\/wp-json\/wp\/v2\/comments?post=897"}],"version-history":[{"count":6,"href":"https:\/\/ens1-caba.infd.edu.ar\/sitio\/wp-json\/wp\/v2\/pages\/897\/revisions"}],"predecessor-version":[{"id":1230,"href":"https:\/\/ens1-caba.infd.edu.ar\/sitio\/wp-json\/wp\/v2\/pages\/897\/revisions\/1230"}],"wp:attachment":[{"href":"https:\/\/ens1-caba.infd.edu.ar\/sitio\/wp-json\/wp\/v2\/media?parent=897"}],"curies":[{"name":"wp","href":"https:\/\/api.w.org\/{rel}","templated":true}]}}